{"id":8,"date":"2017-08-01T14:38:07","date_gmt":"2017-08-01T12:38:07","guid":{"rendered":"http:\/\/tiffanyjaquet.com\/?page_id=8"},"modified":"2024-02-21T16:31:16","modified_gmt":"2024-02-21T15:31:16","slug":"publication","status":"publish","type":"page","link":"https:\/\/tiffanyjaquet.com\/?page_id=8","title":{"rendered":"Publications"},"content":{"rendered":"<figure id=\"attachment_42\" aria-describedby=\"caption-attachment-42\" style=\"width: 203px\" class=\"wp-caption alignleft\"><img loading=\"lazy\" decoding=\"async\" class=\"wp-image-42 size-medium\" src=\"https:\/\/tiffanyjaquet.com\/wp-content\/uploads\/2017\/08\/couverture-203x300.png\" alt=\"\" width=\"203\" height=\"300\" srcset=\"https:\/\/tiffanyjaquet.com\/wp-content\/uploads\/2017\/08\/couverture-203x300.png 203w, https:\/\/tiffanyjaquet.com\/wp-content\/uploads\/2017\/08\/couverture.png 466w\" sizes=\"(max-width: 203px) 100vw, 203px\" \/><figcaption id=\"caption-attachment-42\" class=\"wp-caption-text\"><sup><em>L&rsquo;Enfant du placard<\/em> (Plaisir de Lire, 2016)<\/sup><\/figcaption><\/figure>\n<p style=\"text-align: justify;\">C\u2019est l\u2019automne et Claire trouve dans les affaires que sa m\u00e8re lui a<span style=\"color: #000000;\"> l\u00e9gu\u00e9es<\/span> une lettre faisant myst\u00e9rieusement mention de deux personnes qu\u2019elle n\u2019a jamais connues : Tatiana et Enzo. Intrigu\u00e9e, elle d\u00e9cide de mener l\u2019enqu\u00eate pour d\u00e9couvrir qui ils sont. Petit \u00e0 petit, le myst\u00e8re envahit son quotidien d\u2019habitude si bien rang\u00e9 et elle part sur les traces de ces deux inconnus, accompagn\u00e9e d\u2019un archiviste r\u00e9cemment rencontr\u00e9. Le voyage qu\u2019elle entreprendra la m\u00e8nera sur les traces d\u2019un pass\u00e9 inconnu qui la forcera \u00e0 se red\u00e9couvrir.<br \/>\nDe l\u2019Italie \u00e0 la Suisse, des ann\u00e9es 1960 aux ann\u00e9es 2000, ce roman entre en r\u00e9sonance avec la r\u00e9alit\u00e9 de tant de personnes aujourd\u2019hui : le d\u00e9racinement, la recherche d\u2019un lieu de paix et de travail, l\u2019identit\u00e9 de celles et ceux qui se construisent entre deux lieux, les conflits mais aussi les rapprochements entre des \u00eatres humains qui doivent apprendre, et r\u00e9apprendre, \u00e0 vivre ensemble.<\/p>\n<p style=\"text-align: center;\"><a href=\"https:\/\/tiffanyjaquet.com\/?page_id=22\"><span style=\"color: #b0790c;\">Voir la revue de presse<\/span><\/a><\/p>\n<p style=\"text-align: center;\"><a href=\"http:\/\/www.plaisirdelire.ch\/jaquet-tiffany\/t-jaquet-lenfant-du-placard\" target=\"_blank\" rel=\"noopener\"><span style=\"color: #b0790c;\">Commander un exemplaire<\/span><\/a><\/p>\n<hr \/>\n<figure id=\"attachment_152\" aria-describedby=\"caption-attachment-152\" style=\"width: 200px\" class=\"wp-caption alignleft\"><img loading=\"lazy\" decoding=\"async\" class=\"wp-image-152\" src=\"https:\/\/tiffanyjaquet.com\/wp-content\/uploads\/2018\/07\/couverture2-e1531901607150.jpg\" alt=\"\" width=\"200\" height=\"301\" \/><figcaption id=\"caption-attachment-152\" class=\"wp-caption-text\"><sup><em>Derni\u00e8re rentr\u00e9e<\/em> (Plaisir de Lire, 2018)<\/sup><\/figcaption><\/figure>\n<p style=\"text-align: justify;\"><span style=\"font-size: 12pt;\">Un vendredi de mai, un coup de feu retentit dans le silence assourdissant du lyc\u00e9e de Pr\u00e9-Fleuri. Tous ont une bonne raison d\u2019appuyer sur la g\u00e2chette ce jour-l\u00e0.<br \/>\nS\u00e9bastien, Marie, Tim\u00e9o ou encore Yacine\u2026 Les \u00e9l\u00e8ves de la DER1 ont renonc\u00e9 \u00e0 r\u00e9ussir leur scolarit\u00e9. Parqu\u00e9s dans la classe des cancres sans avenir ni d\u00e9bouch\u00e9, ils m\u00e8nent la vie dure \u00e0 leurs enseignants, mais partagent aussi, avec leurs mots, espoirs, r\u00eaves et vuln\u00e9rabilit\u00e9s.<br \/>\nUs\u00e9s par les insultes, les bagarres, ne sachant comment y r\u00e9pondre, les professeurs jettent tour \u00e0 tour l\u2019\u00e9ponge, sauf Andr\u00e9 Clottu. Apr\u00e8s avoir \u00e9t\u00e9 mis \u00e0 la porte de son ancien coll\u00e8ge \u00e0 quelques mois de la retraite, ce dernier a la ferme intention de venir \u00e0 bout de cette classe. Pour sa derni\u00e8re rentr\u00e9e, fort de ses nombreuses ann\u00e9es d\u2019exp\u00e9rience, il esp\u00e8re m\u00eame r\u00e9ussir l\u2019impossible et ainsi parvenir \u00e0 redorer son blason bien entach\u00e9 suite \u00e0 son licenciement. Mais lorsque les \u00e9l\u00e8ves d\u00e9couvrent les raisons qui ont amen\u00e9 le professeur \u00e0 changer de lyc\u00e9e, les choses basculent et prennent une tr\u00e8s sombre tournure\u2026<\/span><\/p>\n<p style=\"text-align: center;\"><span style=\"color: #b0790c;\"><a href=\"https:\/\/tiffanyjaquet.com\/?page_id=167\"><span style=\"color: #b0790c;\">Voir la revue de presse<\/span><\/a><\/span><\/p>\n<p style=\"text-align: center;\"><a href=\"http:\/\/www.plaisirdelire.ch\/produit\/derniere-rentree\"><span style=\"color: #b07900;\">Commander un exemplaire<\/span><\/a><\/p>\n<hr \/>\n<figure id=\"attachment_263\" aria-describedby=\"caption-attachment-263\" style=\"width: 200px\" class=\"wp-caption alignleft\"><img loading=\"lazy\" decoding=\"async\" class=\"wp-image-263 size-medium\" src=\"https:\/\/tiffanyjaquet.com\/wp-content\/uploads\/2022\/07\/PDL_couv_Tiffany-Jaquet\u2013La-maison-au-pied-copie-copie-200x300.jpg\" alt=\"\" width=\"200\" height=\"300\" srcset=\"https:\/\/tiffanyjaquet.com\/wp-content\/uploads\/2022\/07\/PDL_couv_Tiffany-Jaquet\u2013La-maison-au-pied-copie-copie-200x300.jpg 200w, https:\/\/tiffanyjaquet.com\/wp-content\/uploads\/2022\/07\/PDL_couv_Tiffany-Jaquet\u2013La-maison-au-pied-copie-copie-683x1024.jpg 683w, https:\/\/tiffanyjaquet.com\/wp-content\/uploads\/2022\/07\/PDL_couv_Tiffany-Jaquet\u2013La-maison-au-pied-copie-copie-768x1152.jpg 768w, https:\/\/tiffanyjaquet.com\/wp-content\/uploads\/2022\/07\/PDL_couv_Tiffany-Jaquet\u2013La-maison-au-pied-copie-copie-1024x1536.jpg 1024w, https:\/\/tiffanyjaquet.com\/wp-content\/uploads\/2022\/07\/PDL_couv_Tiffany-Jaquet\u2013La-maison-au-pied-copie-copie-1366x2048.jpg 1366w, https:\/\/tiffanyjaquet.com\/wp-content\/uploads\/2022\/07\/PDL_couv_Tiffany-Jaquet\u2013La-maison-au-pied-copie-copie.jpg 1654w\" sizes=\"(max-width: 200px) 100vw, 200px\" \/><figcaption id=\"caption-attachment-263\" class=\"wp-caption-text\"><sup><em>La maison au pied du grand glacier<\/em> (Plaisir de Lire, 2022)<\/sup><\/figcaption><\/figure>\n<p style=\"text-align: justify;\">Lors d\u2019une randonne\u0301e dans les Rocheuses canadiennes, Hannah s\u2019e\u0301gare en fore\u0302t et tombe par hasard sur le Glacier House, un ho\u0302tel majestueux au beau milieu de la nature sauvage. Une soudaine tempe\u0302te contraint la jeune randonneuse d\u2019y passer la nuit. Mais le lendemain, l\u2019ho\u0302tel a disparu. Le personnel et les clients qu\u2019elle a croise\u0301s la veille se sont volatilise\u0301s\u2026<br \/>\nAvec l\u2019aide de Florian, un globetrotteur qu\u2019elle rencontre en route, Hannah remonte le fil de l\u2019histoire pour de\u0301couvrir les secrets de ce lieu myste\u0301rieux.<\/p>\n<p style=\"text-align: justify;\"><em>La maison au pied du grand glacier<\/em> nous entrai\u0302ne dans des paysages a\u0300 couper le souffle, sur les traces de l\u2019intre\u0301pide aventurie\u0300re Mary Vaux, du guide alpin suisse Ed Feuz ou encore du jeune e\u0301migre\u0301 chinois Wu Lin. \u00c0 travers une fiction historique richement document\u00e9e, Tiffany Jaquet \u00e9voque le grand d\u00e9veloppement de l\u2019Ouest canadien, mais aussi le d\u00e9but du tourisme de masse et de la fonte des glaces.<\/p>\n<p style=\"text-align: center;\"><a href=\"https:\/\/tiffanyjaquet.com\/?page_id=293\"><span style=\"color: #b0790c;\">Voir la revue de presse<\/span><\/a><\/p>\n<p style=\"text-align: center;\"><a href=\"https:\/\/www.plaisirdelire.ch\/produit\/la-maison-au-pied-du-grand-glacier\"><span style=\"color: #b0790c;\">Commander un exemplaire<\/span><\/a><\/p>\n","protected":false},"excerpt":{"rendered":"<p>C\u2019est l\u2019automne et Claire trouve dans les affaires que sa m\u00e8re lui a l\u00e9gu\u00e9es une lettre faisant myst\u00e9rieusement mention de deux personnes qu\u2019elle n\u2019a jamais connues : Tatiana et Enzo. Intrigu\u00e9e, elle d\u00e9cide de mener l\u2019enqu\u00eate pour d\u00e9couvrir qui ils sont. Petit \u00e0 petit, le myst\u00e8re envahit son quotidien d\u2019habitude si bien rang\u00e9 et elle [&hellip;]<\/p>\n","protected":false},"author":1,"featured_media":0,"parent":0,"menu_order":0,"comment_status":"closed","ping_status":"closed","template":"","meta":{"footnotes":""},"_links":{"self":[{"href":"https:\/\/tiffanyjaquet.com\/index.php?rest_route=\/wp\/v2\/pages\/8"}],"collection":[{"href":"https:\/\/tiffanyjaquet.com\/index.php?rest_route=\/wp\/v2\/pages"}],"about":[{"href":"https:\/\/tiffanyjaquet.com\/index.php?rest_route=\/wp\/v2\/types\/page"}],"author":[{"embeddable":true,"href":"https:\/\/tiffanyjaquet.com\/index.php?rest_route=\/wp\/v2\/users\/1"}],"replies":[{"embeddable":true,"href":"https:\/\/tiffanyjaquet.com\/index.php?rest_route=%2Fwp%2Fv2%2Fcomments&post=8"}],"version-history":[{"count":21,"href":"https:\/\/tiffanyjaquet.com\/index.php?rest_route=\/wp\/v2\/pages\/8\/revisions"}],"predecessor-version":[{"id":317,"href":"https:\/\/tiffanyjaquet.com\/index.php?rest_route=\/wp\/v2\/pages\/8\/revisions\/317"}],"wp:attachment":[{"href":"https:\/\/tiffanyjaquet.com\/index.php?rest_route=%2Fwp%2Fv2%2Fmedia&parent=8"}],"curies":[{"name":"wp","href":"https:\/\/api.w.org\/{rel}","templated":true}]}}