{"id":66,"date":"2017-08-02T14:57:01","date_gmt":"2017-08-02T12:57:01","guid":{"rendered":"http:\/\/tiffanyjaquet.com\/?page_id=66"},"modified":"2025-04-14T11:39:28","modified_gmt":"2025-04-14T09:39:28","slug":"evenements","status":"publish","type":"page","link":"https:\/\/tiffanyjaquet.com\/?page_id=66","title":{"rendered":"\u00c9v\u00e9nements pass\u00e9s"},"content":{"rendered":"<p>09\/03\/2024 \u00a0\u00a0\u00a0 <span style=\"color: #b07900;\">D\u00e9dicaces<\/span> au <a href=\"https:\/\/salondulivre.ch\/\">Salon du Livre<\/a> de Gen\u00e8ve, 12h-15h.<\/p>\n<p>25\/03\/2023\u00a0\u00a0\u00a0\u00a0 <span style=\"color: #b07900;\">Table ronde<\/span> au <a href=\"https:\/\/salondulivre.ch\/\">Salon du Livre<\/a> de Gen\u00e8ve, 10h-11h.<\/p>\n<p>01\/03\/2023\u00a0\u00a0\u00a0\u00a0 <span style=\"color: #b07900;\">Rencontre litt\u00e9raire<\/span> organis\u00e9e par <a href=\"https:\/\/francoluzern.ch\/\">Franco Luzern<\/a> au th\u00e9\u00e2tre Spektakulum, 18h.<\/p>\n<p>7\/11\/2022\u00a0\u00a0\u00a0\u00a0\u00a0\u00a0 <span style=\"color: #b07900;\">Interview <\/span>radiophonique pour Le Fil Rouge sur <a href=\"https:\/\/redlineradio.ch\/\">RedLineRadio<\/a>, 19h30.<\/p>\n<p>19\/10\/2022\u00a0 \u00a0\u00a0 <span style=\"color: #b07900;\">D\u00e9dicace<\/span> \u00e0 la <a href=\"https:\/\/www.lalibrairiedepoche.ch\/\">Librairie de poche<\/a> \u00e0 Echandens, 11h-13h.<\/p>\n<p>1\/10\/2022\u00a0\u00a0\u00a0\u00a0\u00a0\u00a0 <span style=\"color: #b07900;\">D\u00e9dicaces<\/span> au <a href=\"https:\/\/www.festival-du-lac.com\/\">Festival du L\u00e0C<\/a>, \u00e0 Collonge-Bellerive.<\/p>\n<p>3-4\/09\/2022\u00a0\u00a0 <span style=\"color: #b07900;\">D\u00e9dicaces<\/span> au <a href=\"https:\/\/www.lelivresurlesquais.ch\/programme\/\">Livre sur les quais<\/a>, \u00e0 Morges.<\/p>\n<p>27\/08\/2022\u00a0\u00a0\u00a0\u00a0 <span style=\"color: #b07900;\">Ap\u00e9ritif-d\u00e9dicaces<\/span> des auteurs lausannois de la rentr\u00e9e, <a href=\"https:\/\/www.lausanne.ch\/apps\/agenda\/detail.php?id=24930&amp;page=4&amp;dateStart=15\/08\/2022&amp;dateEnd=14\/09\/2022&amp;sort=weight&amp;mode=list\">Forum de l&rsquo;H\u00f4tel de Ville<\/a>, 10h-13h.<\/p>\n<p>19\/08\/2022\u00a0 \u00a0\u00a0 <span style=\"color: #b07900;\">Vernissage<\/span> de <em>La maison au pied du grand glacier<\/em> chez <a href=\"https:\/\/www.payot.ch\/fr\/nos-librairies\/nos-magasins\/magasin_payot\/morges-3238\">Payot-Morges<\/a>, 18h30-20h.<\/p>\n<p>26\/06\/2022\u00a0\u00a0\u00a0\u00a0 <span style=\"color: #b07900;\">D\u00e9dicaces <\/span>aux <a href=\"https:\/\/www.estivalesdulivre.ch\/\">Estivales du Livre<\/a> \u00e0 Montreux (12h-14h).<\/p>\n<p>01\/10\/2021\u00a0 \u00a0\u00a0 <span style=\"color: #b07900;\">D\u00e9dicaces\u00a0<\/span>au <a href=\"https:\/\/www.textures.ch\/\">Festival Textures : rencontres litt\u00e9raires<\/a> \u00e0 Fribourg (10h-12h et 14h-16h).<\/p>\n<p>22\/09\/2019\u00a0 \u00a0 \u00a0<span style=\"color: #b07900;\">D\u00e9dicaces\u00a0<\/span>au <a href=\"https:\/\/festivaldulivresuisse.ch\/\">Festival du livre suisse<\/a> \u00e0 la M\u00e9diath\u00e8que de Sion (11h-12h et 14h-15h).<\/p>\n<p>07\/09\/2019\u00a0 \u00a0 \u00a0<span style=\"color: #b07900;\">D\u00e9dicaces\u00a0<\/span>\u00e0 la galerie <a href=\"https:\/\/linea-art.ch\/\">Linea-Art<\/a> \u00e0 Morges, dans le cadre d&rsquo;un <a href=\"https:\/\/www.a-v-e.ch\/activites.html\">Ecrivain dans les commerces<\/a>.<\/p>\n<p>1-5\/05\/2019\u00a0 \u00a0 <span style=\"color: #b07900;\">Rencontre et d\u00e9dicaces<\/span> au <a href=\"http:\/\/www.salondulivre.ch\/fr\/\">Salon du Livre et de la Presse,<\/a>\u00a0Gen\u00e8ve.<\/p>\n<p>22\/12\/2018\u00a0 \u00a0 \u00a0<span style=\"color: #b07900;\">D\u00e9dicaces<\/span> \u00e0 la librairie <a href=\"http:\/\/www.atraverslesmots.ch\/\" target=\"_blank\" rel=\"noopener\">A travers les mots<\/a>, 9h-12h30, \u00e0 Rolle.<\/p>\n<p>01\/09\/2018\u00a0 \u00a0 \u00a0<span style=\"color: #b07900;\">D\u00e9dicaces <\/span>en marge du\u00a0<a href=\"http:\/\/www.lelivresurlesquais.ch\/\">Livre sur les quais<\/a>\u00a0chez <a href=\"http:\/\/confiserieboillat.ch\/0045_morges.html\">Boillat<\/a>, 14h-17h, \u00e0 Morges.<\/p>\n<p>01\/09\/2018\u00a0 \u00a0 \u00a0<span style=\"color: #b07900;\">Brunch litt\u00e9raire<\/span>\u00a0au <a href=\"http:\/\/www.lelivresurlesquais.ch\/\">Livre sur les quais<\/a>, 10h-12h, Casino de Morges.<\/p>\n<p>31\/08\/2018\u00a0 \u00a0 \u00a0<span style=\"color: #b07900;\">Lancement<\/span> de mon nouveau roman\u00a0<em>Derni\u00e8re rentr\u00e9e <\/em>\u00e0 Payot Morges, d\u00e8s 17h00.<\/p>\n<p>31\/08\/2018\u00a0 \u00a0 \u00a0<span style=\"color: #b07900;\">Lectures\u00a0<\/span>dans le train pour Trains de vie 2018 organis\u00e9 par la <a href=\"http:\/\/www.maisoneclose.ch\/\">Maison Eclose<\/a> et le LsQ.<\/p>\n<p>25\/04\/2018\u00a0 \u00a0 \u00a0<span style=\"color: #b07900;\">D\u00e9dicaces <\/span>au <a href=\"http:\/\/www.salondulivre.ch\/fr\/\">Salon du Livre et de la Presse<\/a>, Gen\u00e8ve.<\/p>\n<p>19\/04\/2018\u00a0 \u00a0 \u00a0<span style=\"color: #b07900;\">Lecture et d\u00e9dicaces<\/span> \u00e0 la Biblioth\u00e8que de Perroy.<\/p>\n<p>13\/03\/2018\u00a0 \u00a0 \u00a0<span style=\"color: #b07900;\">Animation<\/span> d&rsquo;une rencontre de l&rsquo;<a href=\"http:\/\/a-v-e.ch\/\">Association Vaudoise des Ecrivains<\/a>, 20h, Bachibouzouk \u00e0 Vevey.<\/p>\n<p>18\/11\/2017\u00a0 \u00a0 \u00a0<span style=\"color: #b07900;\">D\u00e9dicaces<\/span> au Salon du livre \u00ab\u00a0As-tu lu ?\u00a0\u00bb, \u00e0 Ornex.<\/p>\n<p>31\/10\/2017\u00a0 \u00a0 <span style=\"color: #b07900;\">Soir\u00e9e lecture<\/span>, Les derniers mardis du 05, 20h, \u00e0 Rolle.<\/p>\n<p>10\/09\/2017 \u00a0 \u00a0<span style=\"color: #b07900;\">Lecture publique et table ronde<\/span>, \u00e0 Lausanne avec l&rsquo;<a href=\"http:\/\/www.a-v-e.ch\/\" target=\"_blank\" rel=\"noopener\">Association vaudoise des \u00e9crivains<\/a>.<\/p>\n<p>26\/04\/2017 \u00a0 \u00a0<span style=\"color: #b0790c;\">D\u00e9dicaces<\/span> au <a href=\"http:\/\/www.salondulivre.ch\/fr\/\" target=\"_blank\" rel=\"noopener\"><span style=\"text-decoration: underline;\">Salon du Livre et de la Presse<\/span><\/a>, \u00e0 Palexpo, Gen\u00e8ve.<\/p>\n<p>2017 \u00a0 \u00a0 \u00a0 \u00a0 \u00a0 \u00a0 \u00a0 \u00a0 Participation au programme <a href=\"http:\/\/www.salondulivre.ch\/fr\/de-l-ecriture-a-la-promotion\/\" target=\"_blank\" rel=\"noopener\">De l\u2019Ecriture \u00e0 la promotion<\/a> de la Fondation pour l\u2019Ecrit.<\/p>\n<p>17\/12\/2016 \u00a0 \u00a0\u00a0<span style=\"color: #b0790c;\">D\u00e9dicaces<\/span> \u00e0 <a href=\"http:\/\/www.lalibrairie.ch\/\" target=\"_blank\" rel=\"noopener\"><span style=\"text-decoration: underline;\">La Librairie<\/span><\/a>, \u00e0 Morges.<\/p>\n<p>26\/11\/2016 \u00a0 \u00a0<span style=\"color: #b0790c;\">D\u00e9dicaces<\/span> \u00e0 la librairie <span style=\"text-decoration: underline;\"><a href=\"http:\/\/www.atraverslesmots.ch\/\" target=\"_blank\" rel=\"noopener\">A travers les mots<\/a><\/span>, \u00e0 Rolle.<\/p>\n<p>12\/11\/2016 \u00a0 \u00a0<span style=\"color: #b0790c;\">D\u00e9dicaces<\/span> au <span style=\"text-decoration: underline;\"><a href=\"https:\/\/www.petitsediteurs.ch\/\" target=\"_blank\" rel=\"noopener\">Salon des petits \u00e9diteurs<\/a><\/span>, \u00e0 la Ferme Sarasin, Gen\u00e8ve.<\/p>\n<p>12\/10\/2016 \u00a0\u00a0<span style=\"color: #b0790c;\">Jeu de l\u2019Oie<\/span>, \u00e0 la <a href=\"https:\/\/bavl.lausanne.ch\/iguana\/www.main.cls?surl=sites-chauderon\" target=\"_blank\" rel=\"noopener\"><span style=\"text-decoration: underline;\">biblioth\u00e8que Chauderon<\/span><\/a> \u00e0 Lausanne en collaboration avec <a href=\"https:\/\/tulalu.ch\/jeu-de-loie-plein-de-surprises\/\" target=\"_blank\" rel=\"noopener\"><span style=\"text-decoration: underline;\">Tulalu<\/span><\/a>.<\/p>\n<p>24\/09\/2016 \u00a0\u00a0<span style=\"color: #b0790c;\">D\u00e9dicaces<\/span> au Salon du Livre de la Broye, au GYB, Payerne.<\/p>\n<p>26\/08\/2016 \u00a0\u00a0<span style=\"color: #b0790c;\">Rencontre<\/span> \u00e0 l\u2019Ap\u00e9ro des \u00e9diteurs lausannois, \u00e0 <span style=\"text-decoration: underline;\"><a href=\"http:\/\/www.bibliomedia.ch\/fr\/manifestations_projets\/archives\/2016_11_Apero-des-editeurs.asp\" target=\"_blank\" rel=\"noopener\">Bibliom\u00e9dia Suisse<\/a><\/span>, Lausanne.<\/p>\n<p>27\/04\/2016 \u00a0\u00a0<span style=\"color: #b0790c;\">D\u00e9dicaces et table ronde<\/span> au <span style=\"text-decoration: underline;\"><a href=\"http:\/\/www.salondulivre.ch\/fr\/\" target=\"_blank\" rel=\"noopener\">Salon du Livre et de la Presse<\/a><\/span>, \u00e0 Palexpo, Gen\u00e8ve.<\/p>\n<p>20\/04\/2016 \u00a0\u00a0<span style=\"color: #b0790c;\">Lancement du roman<\/span>, \u00e0 la Biblioth\u00e8que de la Sallaz, Lausanne en partenariat avec <a href=\"https:\/\/tulalu.ch\/grand-succes-pour-le-lancement-des-nouveautes-de-plaisir-de-lire\/\" target=\"_blank\" rel=\"noopener\"><span style=\"text-decoration: underline;\">Tulalu<\/span><\/a>.<\/p>\n","protected":false},"excerpt":{"rendered":"<p>09\/03\/2024 \u00a0\u00a0\u00a0 D\u00e9dicaces au Salon du Livre de Gen\u00e8ve, 12h-15h. 25\/03\/2023\u00a0\u00a0\u00a0\u00a0 Table ronde au Salon du Livre de Gen\u00e8ve, 10h-11h. 01\/03\/2023\u00a0\u00a0\u00a0\u00a0 Rencontre litt\u00e9raire organis\u00e9e par Franco Luzern au th\u00e9\u00e2tre Spektakulum, 18h. 7\/11\/2022\u00a0\u00a0\u00a0\u00a0\u00a0\u00a0 Interview radiophonique pour Le Fil Rouge sur RedLineRadio, 19h30. 19\/10\/2022\u00a0 \u00a0\u00a0 D\u00e9dicace \u00e0 la Librairie de poche \u00e0 Echandens, 11h-13h. 1\/10\/2022\u00a0\u00a0\u00a0\u00a0\u00a0\u00a0 D\u00e9dicaces au [&hellip;]<\/p>\n","protected":false},"author":2,"featured_media":0,"parent":0,"menu_order":0,"comment_status":"closed","ping_status":"closed","template":"","meta":{"footnotes":""},"_links":{"self":[{"href":"https:\/\/tiffanyjaquet.com\/index.php?rest_route=\/wp\/v2\/pages\/66"}],"collection":[{"href":"https:\/\/tiffanyjaquet.com\/index.php?rest_route=\/wp\/v2\/pages"}],"about":[{"href":"https:\/\/tiffanyjaquet.com\/index.php?rest_route=\/wp\/v2\/types\/page"}],"author":[{"embeddable":true,"href":"https:\/\/tiffanyjaquet.com\/index.php?rest_route=\/wp\/v2\/users\/2"}],"replies":[{"embeddable":true,"href":"https:\/\/tiffanyjaquet.com\/index.php?rest_route=%2Fwp%2Fv2%2Fcomments&post=66"}],"version-history":[{"count":23,"href":"https:\/\/tiffanyjaquet.com\/index.php?rest_route=\/wp\/v2\/pages\/66\/revisions"}],"predecessor-version":[{"id":321,"href":"https:\/\/tiffanyjaquet.com\/index.php?rest_route=\/wp\/v2\/pages\/66\/revisions\/321"}],"wp:attachment":[{"href":"https:\/\/tiffanyjaquet.com\/index.php?rest_route=%2Fwp%2Fv2%2Fmedia&parent=66"}],"curies":[{"name":"wp","href":"https:\/\/api.w.org\/{rel}","templated":true}]}}