{"id":4,"date":"2017-08-01T14:35:59","date_gmt":"2017-08-01T12:35:59","guid":{"rendered":"http:\/\/tiffanyjaquet.com\/?page_id=4"},"modified":"2022-12-12T20:17:00","modified_gmt":"2022-12-12T19:17:00","slug":"biographie","status":"publish","type":"page","link":"https:\/\/tiffanyjaquet.com\/?page_id=4","title":{"rendered":"Biographie"},"content":{"rendered":"<p style=\"text-align: justify;\"><img loading=\"lazy\" decoding=\"async\" class=\"alignleft wp-image-291 size-medium\" src=\"https:\/\/tiffanyjaquet.com\/wp-content\/uploads\/2022\/12\/Pro2-e1670872321644-230x300.jpg\" alt=\"\" width=\"230\" height=\"300\" srcset=\"https:\/\/tiffanyjaquet.com\/wp-content\/uploads\/2022\/12\/Pro2-e1670872321644-230x300.jpg 230w, https:\/\/tiffanyjaquet.com\/wp-content\/uploads\/2022\/12\/Pro2-e1670872321644.jpg 287w\" sizes=\"(max-width: 230px) 100vw, 230px\" \/>N\u00e9e en 1989 \u00e0 Morges, petite ville au bord du lac L\u00e9man en Suisse, j\u2019ai depuis toute petite la passion des livres et de l\u2019\u00e9criture.<\/p>\n<p style=\"text-align: justify;\">Ayant aussi comme ambition professionnelle de devenir enseignante, c\u2019est donc sans surprise que je poursuis mes \u00e9tudes en Lettres \u00e0 l\u2019Universit\u00e9 de Lausanne.<\/p>\n<p style=\"text-align: justify;\">C\u2019est d\u2019ailleurs \u00e0 cette p\u00e9riode que j\u2019\u00e9cris mon premier roman <a href=\"https:\/\/tiffanyjaquet.com\/?page_id=8\"><span style=\"color: #b0790c;\">L&rsquo;Enfant du placard<\/span><\/a><span style=\"color: #b0790c;\">,<\/span> qui sera publi\u00e9 aux \u00e9ditions\u00a0<a href=\"http:\/\/www.plaisirdelire.ch\/jaquet-tiffany\" target=\"_blank\" rel=\"noopener\"><span style=\"color: #b0790c;\">Plaisir de Lire<\/span><\/a>\u00a0quelques ann\u00e9es plus tard. <a href=\"https:\/\/tiffanyjaquet.com\/?page_id=8\"><span style=\"color: #b0790c;\">Derni\u00e8re rentr\u00e9e<\/span><\/a>, mon deuxi\u00e8me roman, sort \u00e9galement chez Plaisir de Lire en 2018.<\/p>\n<p style=\"text-align: justify;\">En 2020, je lance <a href=\"http:\/\/lebureaudesplaintes.wixsite.com\/lebureaudesplaintes\"><span style=\"color: #b0790c;\">Le Bureau des Plaintes de l&rsquo;Universit\u00e9<\/span><\/a>, une s\u00e9rie litt\u00e9raire \u00e0 suivre gratuitement en version num\u00e9rique sur internet. Je souhaite ainsi rendre la litt\u00e9rature accessible \u00e0 tous, partout et tout le temps.<\/p>\n<p>Apr\u00e8s un s\u00e9jour d&rsquo;une ann\u00e9e au Canada, je publie mon troisi\u00e8me roman, <span style=\"color: #b0790c;\"><a style=\"color: #b0790c;\" href=\"https:\/\/tiffanyjaquet.com\/?page_id=8\">La Maison au pied du grand glacier<\/a><\/span> (Plaisir de Lire, 2022).<\/p>\n<p style=\"text-align: justify;\">Aujourd\u2019hui, je partage mon temps entre mes p\u00e9riodes d\u2019enseignement de fran\u00e7ais et d\u2019anglais, et l\u2019\u00e9criture et la promotion de mes textes.<\/p>\n","protected":false},"excerpt":{"rendered":"<p>N\u00e9e en 1989 \u00e0 Morges, petite ville au bord du lac L\u00e9man en Suisse, j\u2019ai depuis toute petite la passion des livres et de l\u2019\u00e9criture. Ayant aussi comme ambition professionnelle de devenir enseignante, c\u2019est donc sans surprise que je poursuis mes \u00e9tudes en Lettres \u00e0 l\u2019Universit\u00e9 de Lausanne. C\u2019est d\u2019ailleurs \u00e0 cette p\u00e9riode que j\u2019\u00e9cris [&hellip;]<\/p>\n","protected":false},"author":1,"featured_media":0,"parent":0,"menu_order":0,"comment_status":"closed","ping_status":"closed","template":"","meta":{"footnotes":""},"_links":{"self":[{"href":"https:\/\/tiffanyjaquet.com\/index.php?rest_route=\/wp\/v2\/pages\/4"}],"collection":[{"href":"https:\/\/tiffanyjaquet.com\/index.php?rest_route=\/wp\/v2\/pages"}],"about":[{"href":"https:\/\/tiffanyjaquet.com\/index.php?rest_route=\/wp\/v2\/types\/page"}],"author":[{"embeddable":true,"href":"https:\/\/tiffanyjaquet.com\/index.php?rest_route=\/wp\/v2\/users\/1"}],"replies":[{"embeddable":true,"href":"https:\/\/tiffanyjaquet.com\/index.php?rest_route=%2Fwp%2Fv2%2Fcomments&post=4"}],"version-history":[{"count":13,"href":"https:\/\/tiffanyjaquet.com\/index.php?rest_route=\/wp\/v2\/pages\/4\/revisions"}],"predecessor-version":[{"id":292,"href":"https:\/\/tiffanyjaquet.com\/index.php?rest_route=\/wp\/v2\/pages\/4\/revisions\/292"}],"wp:attachment":[{"href":"https:\/\/tiffanyjaquet.com\/index.php?rest_route=%2Fwp%2Fv2%2Fmedia&parent=4"}],"curies":[{"name":"wp","href":"https:\/\/api.w.org\/{rel}","templated":true}]}}